{"id":2768,"date":"2017-08-05T23:28:21","date_gmt":"2017-08-05T21:28:21","guid":{"rendered":"http:\/\/framgangsforetaget.se\/?page_id=2768"},"modified":"2022-04-21T23:42:22","modified_gmt":"2022-04-21T21:42:22","slug":"fingerdockor","status":"publish","type":"page","link":"https:\/\/framgangsforetaget.se\/?page_id=2768","title":{"rendered":"Fingerdockor"},"content":{"rendered":"<p>Jag och min kollega Rudy Chalco jobbar med ett kvinnokollektiv i Peru och omr\u00e5det kring Titicada. Det \u00e4r ett s\u00e4tt att st\u00f6dja kvinnor till egen f\u00f6rs\u00f6rjning. Vi \u00e4r stolta att f\u00e5 hj\u00e4lpa till. Kanske skakar ni p\u00e5 huvudet och fnyser \u00e5t detta projekt men f\u00f6r er som \u00e4r seri\u00f6st intresserade s\u00e5 finns det goda marginaler.. Det \u00e4r en liten guldklimp f\u00f6r \u00e5terf\u00f6rs\u00e4ljare som s\u00f6ker en ny l\u00f6nsam produkt. Dessa sm\u00e5 textil-krabaterna har varit representerade bland annat vid Astrid Lindgrens barnsjukhus samt Designtorget och Tivolis Julmarknad. L\u00e5t oss g\u00f6ra skillnad tillsammans. Mer info finns via www.fingerdockor.se<\/p>\n<p><a href=\"http:\/\/media.framgangsforetaget.se\/2018\/04\/Fingerdockor-Erbjudanden.docx\"><img loading=\"lazy\" decoding=\"async\" class=\"alignleft size-medium wp-image-2898\" src=\"http:\/\/media.framgangsforetaget.se\/2018\/04\/FD-Apa-300x121.jpg\" alt=\"\" width=\"300\" height=\"121\" srcset=\"https:\/\/media.framgangsforetaget.se\/2018\/04\/FD-Apa-300x121.jpg 300w, https:\/\/media.framgangsforetaget.se\/2018\/04\/FD-Apa-768x310.jpg 768w, https:\/\/media.framgangsforetaget.se\/2018\/04\/FD-Apa.jpg 966w\" sizes=\"auto, (max-width: 300px) 100vw, 300px\" \/><\/a><\/p>\n","protected":false},"excerpt":{"rendered":"<p>Jag och min kollega Rudy Chalco jobbar med ett kvinnokollektiv i Peru och omr\u00e5det kring Titicada. Det \u00e4r ett s\u00e4tt att st\u00f6dja kvinnor till egen f\u00f6rs\u00f6rjning. Vi \u00e4r stolta att f\u00e5 hj\u00e4lpa till. Kanske skakar ni p\u00e5 huvudet och fnyser \u00e5t detta projekt men f\u00f6r er som \u00e4r seri\u00f6st intresserade s\u00e5 finns det goda marginaler.. &hellip; <\/p>\n<p><a class=\"more-link btn\" href=\"https:\/\/framgangsforetaget.se\/?page_id=2768\">Forts\u00e4tt l\u00e4sa<\/a><\/p>\n","protected":false},"author":3,"featured_media":0,"parent":0,"menu_order":8,"comment_status":"closed","ping_status":"closed","template":"","meta":{"footnotes":""},"class_list":["post-2768","page","type-page","status-publish","hentry","nodate","item-wrap"],"_links":{"self":[{"href":"https:\/\/framgangsforetaget.se\/index.php?rest_route=\/wp\/v2\/pages\/2768","targetHints":{"allow":["GET"]}}],"collection":[{"href":"https:\/\/framgangsforetaget.se\/index.php?rest_route=\/wp\/v2\/pages"}],"about":[{"href":"https:\/\/framgangsforetaget.se\/index.php?rest_route=\/wp\/v2\/types\/page"}],"author":[{"embeddable":true,"href":"https:\/\/framgangsforetaget.se\/index.php?rest_route=\/wp\/v2\/users\/3"}],"replies":[{"embeddable":true,"href":"https:\/\/framgangsforetaget.se\/index.php?rest_route=%2Fwp%2Fv2%2Fcomments&post=2768"}],"version-history":[{"count":6,"href":"https:\/\/framgangsforetaget.se\/index.php?rest_route=\/wp\/v2\/pages\/2768\/revisions"}],"predecessor-version":[{"id":3986,"href":"https:\/\/framgangsforetaget.se\/index.php?rest_route=\/wp\/v2\/pages\/2768\/revisions\/3986"}],"wp:attachment":[{"href":"https:\/\/framgangsforetaget.se\/index.php?rest_route=%2Fwp%2Fv2%2Fmedia&parent=2768"}],"curies":[{"name":"wp","href":"https:\/\/api.w.org\/{rel}","templated":true}]}}