{"id":2748,"date":"2017-08-05T21:58:16","date_gmt":"2017-08-05T19:58:16","guid":{"rendered":"http:\/\/framgangsforetaget.se\/?page_id=2748"},"modified":"2021-12-14T00:27:52","modified_gmt":"2021-12-13T23:27:52","slug":"x","status":"publish","type":"page","link":"https:\/\/framgangsforetaget.se\/?page_id=2748","title":{"rendered":"F\u00f6rfattat"},"content":{"rendered":"<p>T\u00e4nk att en bokstav kan bli ett ord som blir en mening. Denna \u00e4dla konst att bjuda p\u00e5 ett skratt eller f\u00f6r\u00e4ndra v\u00e4rlden genom n\u00e5gra finurliga formuleringar. Jag tycker det \u00e4r v\u00e4ldigt rogivande med g\u00e5spenna och den ekvilibristiska \u00e5dran. Tar g\u00e4rna p\u00e5 mig mindre skrivuppdrag. Har en f\u00f6rk\u00e4rlek till k\u00e5serande och nyskapande id\u00e9er med inslag av f\u00f6retagande.<\/p>\n<p>. Det jag har i mitt arma och tjockskalliga huvud brukar personer tycka om att l\u00e4sa. Det \u00e4r dags att ge mig chansen om ni vill ha n\u00e5got som k\u00e4nns som en mental h\u00e4stspark eller en porlande v\u00e5rflod i Abisko.<\/p>\n<p>\u00a0<\/p>\n\n\n<figure class=\"wp-block-image size-medium is-resized is-style-rounded\"><a href=\"http:\/\/media.framgangsforetaget.se\/2020\/03\/DIAMANTKUSTEN.jpg\"><img loading=\"lazy\" decoding=\"async\" src=\"https:\/\/media.framgangsforetaget.se\/2020\/03\/DIAMANTKUSTEN-300x300.jpg\" alt=\"\" class=\"wp-image-3302\" width=\"427\" height=\"427\" srcset=\"https:\/\/media.framgangsforetaget.se\/2020\/03\/DIAMANTKUSTEN-300x300.jpg 300w, https:\/\/media.framgangsforetaget.se\/2020\/03\/DIAMANTKUSTEN-150x150.jpg 150w, https:\/\/media.framgangsforetaget.se\/2020\/03\/DIAMANTKUSTEN-768x768.jpg 768w, https:\/\/media.framgangsforetaget.se\/2020\/03\/DIAMANTKUSTEN.jpg 960w\" sizes=\"auto, (max-width: 427px) 100vw, 427px\" \/><\/a><\/figure>\n","protected":false},"excerpt":{"rendered":"<p>T\u00e4nk att en bokstav kan bli ett ord som blir en mening. Denna \u00e4dla konst att bjuda p\u00e5 ett skratt eller f\u00f6r\u00e4ndra v\u00e4rlden genom n\u00e5gra finurliga formuleringar. Jag tycker det \u00e4r v\u00e4ldigt rogivande med g\u00e5spenna och den ekvilibristiska \u00e5dran. Tar g\u00e4rna p\u00e5 mig mindre skrivuppdrag. Har en f\u00f6rk\u00e4rlek till k\u00e5serande och nyskapande id\u00e9er med inslag &hellip; <\/p>\n<p><a class=\"more-link btn\" href=\"https:\/\/framgangsforetaget.se\/?page_id=2748\">Forts\u00e4tt l\u00e4sa<\/a><\/p>\n","protected":false},"author":3,"featured_media":0,"parent":0,"menu_order":4,"comment_status":"closed","ping_status":"closed","template":"","meta":{"footnotes":""},"class_list":["post-2748","page","type-page","status-publish","hentry","nodate","item-wrap"],"_links":{"self":[{"href":"https:\/\/framgangsforetaget.se\/index.php?rest_route=\/wp\/v2\/pages\/2748","targetHints":{"allow":["GET"]}}],"collection":[{"href":"https:\/\/framgangsforetaget.se\/index.php?rest_route=\/wp\/v2\/pages"}],"about":[{"href":"https:\/\/framgangsforetaget.se\/index.php?rest_route=\/wp\/v2\/types\/page"}],"author":[{"embeddable":true,"href":"https:\/\/framgangsforetaget.se\/index.php?rest_route=\/wp\/v2\/users\/3"}],"replies":[{"embeddable":true,"href":"https:\/\/framgangsforetaget.se\/index.php?rest_route=%2Fwp%2Fv2%2Fcomments&post=2748"}],"version-history":[{"count":8,"href":"https:\/\/framgangsforetaget.se\/index.php?rest_route=\/wp\/v2\/pages\/2748\/revisions"}],"predecessor-version":[{"id":3981,"href":"https:\/\/framgangsforetaget.se\/index.php?rest_route=\/wp\/v2\/pages\/2748\/revisions\/3981"}],"wp:attachment":[{"href":"https:\/\/framgangsforetaget.se\/index.php?rest_route=%2Fwp%2Fv2%2Fmedia&parent=2748"}],"curies":[{"name":"wp","href":"https:\/\/api.w.org\/{rel}","templated":true}]}}